{"id":3240,"date":"2023-03-20T10:57:10","date_gmt":"2023-03-20T09:57:10","guid":{"rendered":"https:\/\/nowa.ptzp.org.pl\/?page_id=3240"},"modified":"2025-07-22T14:54:45","modified_gmt":"2025-07-22T12:54:45","slug":"wladze","status":"publish","type":"page","link":"https:\/\/ptzp.org.pl\/index.php\/wladze\/","title":{"rendered":"W\u0142adze PTZP"},"content":{"rendered":"\n<p><\/p>\n\n\n\n<p><strong>Zarz\u0105d w kadencji 2025 &#8211; 2028<\/strong><\/p>\n\n\n\n<p>Prezes &#8211;\u00a0 prof. Ryszard Knosala<br>Wiceprezes &#8211; prof. Anna Burduk<br>Wiceprezes &#8211; dr hab. Grzegorz \u0106wik\u0142a<br>Wiceprezes &#8211; dr hab. Paulina Goli\u0144ska &#8211; Dawson<br>Sekretarz Generalny &#8211; prof. Anna Rudawska<br>Skarbnik &#8211;\u00a0 dr Piotr Wittbrodt<\/p>\n\n\n\n<p><strong>Komisja Rewizyjna w kadencji 2025 &#8211; 2028<\/strong><\/p>\n\n\n\n<p>Przewodnicz\u0105ca &#8211; dr hab. Katarzyna Hys<br>Cz\u0142onek &#8211; dr Piotr Chwastyk<br>Cz\u0142onek &#8211; dr hab. Dariusz Plinta<\/p>\n\n\n\n<p><\/p>\n\n\n\n<p class=\"has-text-align-left\"><a href=\"https:\/\/ptzp.org.pl\/index.php\/oddzialy\/\" data-type=\"page\" data-id=\"3228\">Przewodnicz\u0105cy Oddzia\u0142\u00f3w<\/a><\/p>\n\n\n\n\n\n<p><\/p>\n","protected":false},"excerpt":{"rendered":"<p>Zarz\u0105d w kadencji 2025 &#8211; 2028 Prezes &#8211;\u00a0 prof. Ryszard KnosalaWiceprezes &#8211; prof. Anna BurdukWiceprezes &#8211; dr hab. Grzegorz \u0106wik\u0142aWiceprezes &#8211; dr hab. Paulina Goli\u0144ska &#8211; DawsonSekretarz Generalny &#8211; prof. Anna RudawskaSkarbnik &#8211;\u00a0 dr Piotr Wittbrodt Komisja Rewizyjna w kadencji 2025 &#8211; 2028 Przewodnicz\u0105ca &#8211; dr hab. Katarzyna HysCz\u0142onek &#8211; dr Piotr ChwastykCz\u0142onek &#8211; dr [&hellip;]<\/p>\n","protected":false},"author":1,"featured_media":0,"parent":0,"menu_order":0,"comment_status":"closed","ping_status":"closed","template":"","meta":{"_eb_attr":"","footnotes":""},"class_list":["post-3240","page","type-page","status-publish","hentry"],"blocksy_meta":[],"featured_image_urls_v2":{"full":"","thumbnail":"","medium":"","medium_large":"","large":"","1536x1536":"","2048x2048":""},"post_excerpt_stackable_v2":"<p>Zarz\u0105d w kadencji 2025 &#8211; 2028 Prezes &#8211;\u00a0 prof. Ryszard KnosalaWiceprezes &#8211; prof. Anna BurdukWiceprezes &#8211; dr hab. Grzegorz \u0106wik\u0142aWiceprezes &#8211; dr hab. Paulina Goli\u0144ska &#8211; DawsonSekretarz Generalny &#8211; prof. Anna RudawskaSkarbnik &#8211;\u00a0 dr Piotr Wittbrodt Komisja Rewizyjna w kadencji 2025 &#8211; 2028 Przewodnicz\u0105ca &#8211; dr hab. Katarzyna HysCz\u0142onek &#8211; dr Piotr ChwastykCz\u0142onek &#8211; dr hab. Dariusz Plinta Przewodnicz\u0105cy Oddzia\u0142\u00f3w<\/p>\n","category_list_v2":"","author_info_v2":{"name":"Webmaster","url":"https:\/\/ptzp.org.pl\/index.php\/author\/webmaster\/"},"comments_num_v2":"0 comments","_links":{"self":[{"href":"https:\/\/ptzp.org.pl\/index.php\/wp-json\/wp\/v2\/pages\/3240","targetHints":{"allow":["GET"]}}],"collection":[{"href":"https:\/\/ptzp.org.pl\/index.php\/wp-json\/wp\/v2\/pages"}],"about":[{"href":"https:\/\/ptzp.org.pl\/index.php\/wp-json\/wp\/v2\/types\/page"}],"author":[{"embeddable":true,"href":"https:\/\/ptzp.org.pl\/index.php\/wp-json\/wp\/v2\/users\/1"}],"replies":[{"embeddable":true,"href":"https:\/\/ptzp.org.pl\/index.php\/wp-json\/wp\/v2\/comments?post=3240"}],"version-history":[{"count":14,"href":"https:\/\/ptzp.org.pl\/index.php\/wp-json\/wp\/v2\/pages\/3240\/revisions"}],"predecessor-version":[{"id":4225,"href":"https:\/\/ptzp.org.pl\/index.php\/wp-json\/wp\/v2\/pages\/3240\/revisions\/4225"}],"wp:attachment":[{"href":"https:\/\/ptzp.org.pl\/index.php\/wp-json\/wp\/v2\/media?parent=3240"}],"curies":[{"name":"wp","href":"https:\/\/api.w.org\/{rel}","templated":true}]}}